{"id":674,"date":"2017-01-24T01:06:24","date_gmt":"2017-01-24T00:06:24","guid":{"rendered":"http:\/\/miside.net\/?page_id=674"},"modified":"2018-12-30T16:45:21","modified_gmt":"2018-12-30T15:45:21","slug":"enhet-i-jesu-legeme","status":"publish","type":"page","link":"https:\/\/miside.net\/?page_id=674","title":{"rendered":"Enhet i Jesu legeme"},"content":{"rendered":"<p><span style=\"color: #000000;\">I <a href=\"https:\/\/www.bible.com\/no\/bible\/102\/1co.1.10-13\" target=\"_blank\">1 Kor 1, 10-13<\/a> st\u00e5r det:<\/span><br \/>\n<span style=\"color: #000000;\"> <em>\u201dBr\u00f8dre, jeg formaner dere i v\u00e5r Herre Jesu Kristi navn at dere m\u00e5 vise enighet.<\/em><\/span><br \/>\n<span style=\"color: #000000;\"> <em> La det ikke v\u00e6re splittelse blant dere, men la alt komme i rett stand, s\u00e5 dere har samme syn og samme tanke. For det er blitt meg fortalt, mine br\u00f8dre, av Kloes folk, at det er stridigheter blant dere.<\/em><\/span><br \/>\n<span style=\"color: #000000;\"> <em> Jeg sikter til at noen av dere sier: &laquo;Jeg holder meg til Paulus&raquo;, andre: &laquo;jeg til Apollos&raquo;,<\/em><\/span><br \/>\n<span style=\"color: #000000;\"> <em> &laquo;jeg til Kefas&raquo; og &laquo;jeg til Kristus&raquo;. Er da Kristus blitt delt? Var det kanskje Paulus som ble korsfestet for dere? Eller ble dere d\u00f8pt til Paulus&#8217; navn?\u201d<\/em><\/span><\/p>\n<p><span style=\"color: #000000;\">Videre kan vi lese i <a href=\"https:\/\/www.bible.com\/no\/bible\/102\/1co.12.12-16\">1 Kor 12, 12-16<\/a>:<\/span><br \/>\n<span style=\"color: #000000;\"> <em>\u201d Likesom legemet er ett, selv om det har mange lemmer, og alle lemmene danner ett legeme, enda de er mange, slik er det ogs\u00e5 med Kristus.<\/em><\/span><br \/>\n<span style=\"color: #000000;\"> <em> For med \u00e9n \u00c5nd ble vi alle d\u00f8pt til \u00e5 v\u00e6re ett legeme, enten vi er j\u00f8der eller grekere, slaver eller frie, og vi fikk alle \u00e9n \u00c5nd \u00e5 drikke.<\/em><\/span><br \/>\n<span style=\"color: #000000;\"> <em> Legemet best\u00e5r ikke av ett lem, men av mange. Om n\u00e5 foten sier: &laquo;Fordi jeg ikke er h\u00e5nd, h\u00f8rer jeg ikke med til kroppen&raquo;, s\u00e5 er den like fullt en del av kroppen.<\/em><\/span><br \/>\n<span style=\"color: #000000;\"> <em> Om \u00f8ret sier: &laquo;Fordi jeg ikke er \u00f8ye, h\u00f8rer jeg ikke med til kroppen&raquo;, s\u00e5 er det like fullt en del av kroppen.\u201d<\/em><\/span><\/p>\n<p><span style=\"color: #000000;\">Det er en meget viktig undervisning apostelen Paulus gir oss her. Kort og godt dreier det seg om dette: Selv om vi har mange forskjellige l\u00e6retradisjoner i Jesu menighet over den hele jord, s\u00e5 er allikevel Jesu menighet, Jesu legeme ett! Vi er ett i Kristus ved troen, for det var Kristus som ble korsfestet for v\u00e5re synder, og det var til Jesu navn vi ble d\u00f8pt.<\/span><br \/>\n<span style=\"color: #000000;\"> Og selv om de er mange veldig forskjellige tjenester i Jesu menighet over den hele jord,<\/span><br \/>\n<span style=\"color: #000000;\"> og selv om det er mange ulike lemmer, ulike folk og kulturer, like fullt tilh\u00f8rer de menigheten, Jesu legeme p\u00e5 jord, for med en \u00c5nd er vi d\u00f8pt til \u00e5 v\u00e6re ett legeme, og vi har alle f\u00e5tt en \u00c5nd \u00e5 drikke.<\/span><\/p>\n<p><span style=\"color: #000000;\">Noen blir sv\u00e6rt opptatt av ytre forskjeller og sier: Siden vi ikke er lik dem, og siden ikke vi<\/span><br \/>\n<span style=\"color: #000000;\"> gj\u00f8r slik og slik i v\u00e5re gudstjenester og m\u00f8tesammenkomster, derfor kan vi ikke tilh\u00f8re<\/span><br \/>\n<span style=\"color: #000000;\"> samme kirke som dem! Fordi vi ikke er \u201d\u00f8ye\u201d s\u00e5 m\u00e5 vi nok g\u00e5 ut og danne v\u00e5r<\/span><br \/>\n<span style=\"color: #000000;\"> egen menighet &#8211; sier disse.<\/span><br \/>\n<span style=\"color: #000000;\"> De sier kanskje til og med: \u201dVi er de eneste sanne kristne, og det er bare vi som blir frelst\u201d.<\/span><br \/>\n<span style=\"color: #000000;\"> Legg merke til det apostelen sier her, hvor han poengterer tendensen hos lemmene til<\/span><br \/>\n<span style=\"color: #000000;\"> \u00e5 ville skille seg ut fra kroppen!<\/span><\/p>\n<p><span style=\"color: #000000;\">Hvorfor nevner han ikke at det kanskje er noen som vil den andre veien, alts\u00e5 slutte seg<\/span><br \/>\n<span style=\"color: #000000;\"> til kroppen? Ja, hvorfor kommer ikke dette p\u00e5 tale? Hvorfor er det ingen som sier:<\/span><br \/>\n<span style=\"color: #000000;\"> \u201dVi er litt forskjellige fra dere, men vi er d\u00f8pt til Kristus og f\u00e5tt Jesu \u00c5nd \u00e5 drikke, s\u00e5 derfor<\/span><br \/>\n<span style=\"color: #000000;\"> tilh\u00f8rer vi Jesu legeme sammen med dere\u201d? Hvorfor sier ingen dette?<\/span><br \/>\n<span style=\"color: #000000;\"> Jo, det kommer fram i 1.Kor.3,1:<\/span><br \/>\n<span style=\"color: #000000;\"> \u201dLikevel kunne jeg ikke tale til dere, br\u00f8dre, som til mennesker som lever ved \u00c5nden.<\/span><br \/>\n<span style=\"color: #000000;\"> Jeg m\u00e5tte tale som til mennesker slik de er av naturen, som til umodne kristne.\u201d<\/span><\/p>\n<p><span style=\"color: #000000;\">Alts\u00e5, fordi korinterne var kj\u00f8dlige og umodne kristne som enn\u00e5 ikke levde ved \u00c5nden,<\/span><br \/>\n<span style=\"color: #000000;\"> derfor var de bundet opp av ytre ting og ytre forskjeller, og de lot disse forskjellene<\/span><br \/>\n<span style=\"color: #000000;\"> skape skiller seg mellom.<\/span><\/p>\n<p><span style=\"color: #000000;\">Over hele verden i dag er det hundrevis av forskjellige kristne menigheter, kirkesamfunn<\/span><br \/>\n<span style=\"color: #000000;\"> og tradisjoner. Mange er sv\u00e6rt, sv\u00e6rt forskjellige, men de er d\u00f8pt til Kristus, og de leser<\/span><br \/>\n<span style=\"color: #000000;\"> og tror p\u00e5 det samme gudsordet som oss, og drikker av den samme \u00c5ndens kilde.<\/span><br \/>\n<span style=\"color: #000000;\"> I disse forskjellige menighetene finnes b\u00e5de modne og umodne kristne, og de umodne<\/span><br \/>\n<span style=\"color: #000000;\"> er som alltid fokusert p\u00e5 det ytre og det periferere i troen. De har jo enn\u00e5 ikke f\u00e5tt noe s\u00e6rlig indre liv \u00e5 forholde seg til.<\/span><br \/>\n<span style=\"color: #000000;\"> S\u00e5 for en umoden kristen finnes det i verden i dag hundrevis av vrangl\u00e6rere og falske profeter, nemlig alle dem som ikke st\u00e5r for presis det samme som min menighet og mitt kirkesamfunn st\u00e5r for.<\/span><br \/>\n<span style=\"color: #000000;\"> De har kanskje et litt annet d\u00e5pssyn, eller et litt annet menighetssyn, de l\u00e6rer noe annet enn oss om endetiden, om Israel, om tusen\u00e5rsriket. Dessuten: De klapper i hendene og beveger seg under lovsangen, de bruker gitarer i stedet for orgel, de ber for syke og de faller o.s.v., o.s.v.<\/span><\/p>\n<p><span style=\"color: #000000;\">En moden kristen ser ikke alle disse skillelinjene. For ham teller bare ett sp\u00f8rsm\u00e5l:<\/span><br \/>\n<span style=\"color: #000000;\"> Har de f\u00e5tt del i det \u00e5ndelige livet i Kristus? Har de mottatt evangeliet i tro og blitt d\u00f8pt til Kristus, og tar de til seg av den \u00c5ndens kilde som er i Ordet?<\/span><br \/>\n<span style=\"color: #000000;\"> Har de nemlig f\u00e5tt del i Kristus, og lever av ham og i ham, s\u00e5 tilh\u00f8rer de legemet, menigheten. Da tilh\u00f8rer de Jesu universelle menighet som strekker seg over den vide jord, og som ber\u00f8rer de mange forskjellige kirkesamfunn, og som g\u00e5r tvers igjennom alle menneskeskapte grenser. For Herren kjenner sine (<a href=\"https:\/\/www.bible.com\/no\/bible\/102\/2ti.2.19\">2.Tim.2,19<\/a>).<\/span><\/p>\n<p><script type=\"text\/javascript\">\/\/ <![CDATA[\n           (function(i,s,o,g,r,a,m){i['GoogleAnalyticsObject']=r;i[r]=i[r]||function(){   (i[r].q=i[r].q||[]).push(arguments)},i[r].l=1*new Date();a=s.createElement(o),   m=s.getElementsByTagName(o)[0];a.async=1;a.src=g;m.parentNode.insertBefore(a,m)   })(window,document,'script','\/\/www.google-analytics.com\/analytics.js','ga');   ga('create', 'UA-47514430-1', 'miside.net');   ga('send', 'pageview');\n\/\/ ]]><\/script><\/p>\n","protected":false},"excerpt":{"rendered":"<p>I 1 Kor 1, 10-13 st\u00e5r det: \u201dBr\u00f8dre, jeg formaner dere i v\u00e5r Herre Jesu Kristi navn at dere m\u00e5 vise enighet. La det ikke v\u00e6re splittelse blant dere, men la alt komme i rett stand, s\u00e5 dere har samme &hellip; <a class=\"more-link\" href=\"https:\/\/miside.net\/?page_id=674\">Continue reading <span class=\"meta-nav\">&rarr;<\/span><\/a><\/p>\n","protected":false},"author":1,"featured_media":0,"parent":0,"menu_order":0,"comment_status":"open","ping_status":"closed","template":"onecolumn-page.php","meta":{"footnotes":""},"class_list":["post-674","page","type-page","status-publish","hentry"],"_links":{"self":[{"href":"https:\/\/miside.net\/index.php?rest_route=\/wp\/v2\/pages\/674","targetHints":{"allow":["GET"]}}],"collection":[{"href":"https:\/\/miside.net\/index.php?rest_route=\/wp\/v2\/pages"}],"about":[{"href":"https:\/\/miside.net\/index.php?rest_route=\/wp\/v2\/types\/page"}],"author":[{"embeddable":true,"href":"https:\/\/miside.net\/index.php?rest_route=\/wp\/v2\/users\/1"}],"replies":[{"embeddable":true,"href":"https:\/\/miside.net\/index.php?rest_route=%2Fwp%2Fv2%2Fcomments&post=674"}],"version-history":[{"count":19,"href":"https:\/\/miside.net\/index.php?rest_route=\/wp\/v2\/pages\/674\/revisions"}],"predecessor-version":[{"id":774,"href":"https:\/\/miside.net\/index.php?rest_route=\/wp\/v2\/pages\/674\/revisions\/774"}],"wp:attachment":[{"href":"https:\/\/miside.net\/index.php?rest_route=%2Fwp%2Fv2%2Fmedia&parent=674"}],"curies":[{"name":"wp","href":"https:\/\/api.w.org\/{rel}","templated":true}]}}